{"id":4094,"date":"2023-08-18T16:11:57","date_gmt":"2023-08-18T14:11:57","guid":{"rendered":"https:\/\/grow-tdc.com\/?post_type=portfolio&#038;p=4094"},"modified":"2024-08-28T10:16:36","modified_gmt":"2024-08-28T08:16:36","slug":"bouquet-alella","status":"publish","type":"portfolio","link":"https:\/\/grow-tdc.com\/en\/portfolio\/bouquet-alella\/","title":{"rendered":"Bouquet Alella"},"content":{"rendered":"<div class=\"grid kcm\">\n<div class=\"grid__item one-whole portable--auto lap--auto palm--auto top-no-padding bottom-no-padding \" data-style=\"\">\n<p><img loading=\"lazy\" decoding=\"async\" class=\"aligncenter size-full wp-image-4095\" src=\"https:\/\/grow-tdc.com\/wp-content\/uploads\/2023\/08\/diseno-etiqueta-de-vino-bouquet-alella.jpg\" alt=\"Dise\u00f1o etiqueta de vino\" width=\"1200\" height=\"1462\" srcset=\"https:\/\/grow-tdc.com\/wp-content\/uploads\/2023\/08\/diseno-etiqueta-de-vino-bouquet-alella.jpg 1200w, https:\/\/grow-tdc.com\/wp-content\/uploads\/2023\/08\/diseno-etiqueta-de-vino-bouquet-alella-246x300.jpg 246w, https:\/\/grow-tdc.com\/wp-content\/uploads\/2023\/08\/diseno-etiqueta-de-vino-bouquet-alella-840x1024.jpg 840w, https:\/\/grow-tdc.com\/wp-content\/uploads\/2023\/08\/diseno-etiqueta-de-vino-bouquet-alella-768x936.jpg 768w\" sizes=\"auto, (max-width: 1200px) 100vw, 1200px\" \/><\/p>\n<\/div>\n<\/div>\n","protected":false},"excerpt":{"rendered":"","protected":false},"author":1,"featured_media":4095,"comment_status":"closed","ping_status":"closed","template":"","meta":{"inline_featured_image":false,"footnotes":""},"class_list":["post-4094","portfolio","type-portfolio","status-publish","has-post-thumbnail","hentry","portfolio_tag-bouquet-dalella","portfolio_tag-diseno-packaging-vinos","portfolio_tag-disenodeetiquetasdevino","portfolio_tag-disenodevinos","portfolio_tag-do-alella","portfolio_tag-etiqueta-premium","portfolio_tag-etiqueta-vermut","portfolio_tag-etiquetasdevino","portfolio_tag-pansa-blanca","portfolio_tag-winebranding","portfolio_tag-winelabeldesign","portfolio_tag-winepackaging","portfolio_category-diseno-etiqueta-vino"],"acf":[],"yoast_head":"<!-- This site is optimized with the Yoast SEO plugin v26.5 - https:\/\/yoast.com\/wordpress\/plugins\/seo\/ -->\n<title>Dise\u00f1o etiqueta de Bouquet d&#039;Alella<\/title>\n<meta name=\"description\" content=\"Dise\u00f1o etiqueta de vino ecol\u00f3gico Bouquet d\u2019Alella de la variedad Pasa Blanca de la Denominaci\u00f3n de Origen Alella. Edici\u00f3n Limitada. Selecci\u00f3n Pansa Blanca de vi\u00f1edos propios de m\u00e1s de 35 a\u00f1os ubicados en el Valle de Rials y de agricultura ecol\u00f3gica.\" \/>\n<meta name=\"robots\" content=\"index, follow, max-snippet:-1, max-image-preview:large, max-video-preview:-1\" \/>\n<link rel=\"canonical\" href=\"https:\/\/grow-tdc.com\/portfolio\/bouquet-alella\/\" \/>\n<meta property=\"og:locale\" content=\"en_US\" \/>\n<meta property=\"og:type\" content=\"article\" \/>\n<meta property=\"og:title\" content=\"Dise\u00f1o etiqueta de Bouquet d&#039;Alella\" \/>\n<meta property=\"og:description\" content=\"Dise\u00f1o etiqueta de vino ecol\u00f3gico Bouquet d\u2019Alella de la variedad Pasa Blanca de la Denominaci\u00f3n de Origen Alella. Edici\u00f3n Limitada. Selecci\u00f3n Pansa Blanca de vi\u00f1edos propios de m\u00e1s de 35 a\u00f1os ubicados en el Valle de Rials y de agricultura ecol\u00f3gica.\" \/>\n<meta property=\"og:url\" content=\"https:\/\/grow-tdc.com\/portfolio\/bouquet-alella\/\" \/>\n<meta property=\"og:site_name\" content=\"Grow\" \/>\n<meta property=\"article:modified_time\" content=\"2024-08-28T08:16:36+00:00\" \/>\n<meta property=\"og:image\" content=\"https:\/\/grow-tdc.com\/wp-content\/uploads\/2023\/08\/diseno-etiqueta-de-vino-bouquet-alella.jpg\" \/>\n\t<meta property=\"og:image:width\" content=\"1200\" \/>\n\t<meta property=\"og:image:height\" content=\"1462\" \/>\n\t<meta property=\"og:image:type\" content=\"image\/jpeg\" \/>\n<meta name=\"twitter:card\" content=\"summary_large_image\" \/>\n<meta name=\"twitter:label1\" content=\"Est. reading time\" \/>\n\t<meta name=\"twitter:data1\" content=\"1 minute\" \/>\n<script type=\"application\/ld+json\" class=\"yoast-schema-graph\">{\"@context\":\"https:\/\/schema.org\",\"@graph\":[{\"@type\":\"WebPage\",\"@id\":\"https:\/\/grow-tdc.com\/portfolio\/bouquet-alella\/\",\"url\":\"https:\/\/grow-tdc.com\/portfolio\/bouquet-alella\/\",\"name\":\"Dise\u00f1o etiqueta de Bouquet d'Alella\",\"isPartOf\":{\"@id\":\"https:\/\/grow-tdc.com\/#website\"},\"primaryImageOfPage\":{\"@id\":\"https:\/\/grow-tdc.com\/portfolio\/bouquet-alella\/#primaryimage\"},\"image\":{\"@id\":\"https:\/\/grow-tdc.com\/portfolio\/bouquet-alella\/#primaryimage\"},\"thumbnailUrl\":\"https:\/\/grow-tdc.com\/wp-content\/uploads\/2023\/08\/diseno-etiqueta-de-vino-bouquet-alella.jpg\",\"datePublished\":\"2023-08-18T14:11:57+00:00\",\"dateModified\":\"2024-08-28T08:16:36+00:00\",\"description\":\"Dise\u00f1o etiqueta de vino ecol\u00f3gico Bouquet d\u2019Alella de la variedad Pasa Blanca de la Denominaci\u00f3n de Origen Alella. Edici\u00f3n Limitada. Selecci\u00f3n Pansa Blanca de vi\u00f1edos propios de m\u00e1s de 35 a\u00f1os ubicados en el Valle de Rials y de agricultura ecol\u00f3gica.\",\"breadcrumb\":{\"@id\":\"https:\/\/grow-tdc.com\/portfolio\/bouquet-alella\/#breadcrumb\"},\"inLanguage\":\"en-US\",\"potentialAction\":[{\"@type\":\"ReadAction\",\"target\":[\"https:\/\/grow-tdc.com\/portfolio\/bouquet-alella\/\"]}]},{\"@type\":\"ImageObject\",\"inLanguage\":\"en-US\",\"@id\":\"https:\/\/grow-tdc.com\/portfolio\/bouquet-alella\/#primaryimage\",\"url\":\"https:\/\/grow-tdc.com\/wp-content\/uploads\/2023\/08\/diseno-etiqueta-de-vino-bouquet-alella.jpg\",\"contentUrl\":\"https:\/\/grow-tdc.com\/wp-content\/uploads\/2023\/08\/diseno-etiqueta-de-vino-bouquet-alella.jpg\",\"width\":1200,\"height\":1462,\"caption\":\"Dise\u00f1o etiqueta de vino\"},{\"@type\":\"BreadcrumbList\",\"@id\":\"https:\/\/grow-tdc.com\/portfolio\/bouquet-alella\/#breadcrumb\",\"itemListElement\":[{\"@type\":\"ListItem\",\"position\":1,\"name\":\"Home\",\"item\":\"https:\/\/grow-tdc.com\/en\/\"},{\"@type\":\"ListItem\",\"position\":2,\"name\":\"Portfolio\",\"item\":\"https:\/\/grow-tdc.com\/en\/portfolio\/\"},{\"@type\":\"ListItem\",\"position\":3,\"name\":\"Bouquet Alella\"}]},{\"@type\":\"WebSite\",\"@id\":\"https:\/\/grow-tdc.com\/#website\",\"url\":\"https:\/\/grow-tdc.com\/\",\"name\":\"Grow - Dise\u00f1o de etiquetas de vino\",\"description\":\"Estudio de dise\u00f1o especializado en el mundo del vino y gourmet\",\"publisher\":{\"@id\":\"https:\/\/grow-tdc.com\/#organization\"},\"potentialAction\":[{\"@type\":\"SearchAction\",\"target\":{\"@type\":\"EntryPoint\",\"urlTemplate\":\"https:\/\/grow-tdc.com\/?s={search_term_string}\"},\"query-input\":{\"@type\":\"PropertyValueSpecification\",\"valueRequired\":true,\"valueName\":\"search_term_string\"}}],\"inLanguage\":\"en-US\"},{\"@type\":\"Organization\",\"@id\":\"https:\/\/grow-tdc.com\/#organization\",\"name\":\"Grow Disseny i Comunicaci\u00f3 S.L.\",\"url\":\"https:\/\/grow-tdc.com\/\",\"logo\":{\"@type\":\"ImageObject\",\"inLanguage\":\"en-US\",\"@id\":\"https:\/\/grow-tdc.com\/#\/schema\/logo\/image\/\",\"url\":\"https:\/\/grow-tdc.com\/wp-content\/uploads\/2022\/01\/logo-grow.svg\",\"contentUrl\":\"https:\/\/grow-tdc.com\/wp-content\/uploads\/2022\/01\/logo-grow.svg\",\"width\":\"1024\",\"height\":\"1024\",\"caption\":\"Grow Disseny i Comunicaci\u00f3 S.L.\"},\"image\":{\"@id\":\"https:\/\/grow-tdc.com\/#\/schema\/logo\/image\/\"},\"sameAs\":[\"https:\/\/www.instagram.com\/growdissenyicomunicacio\/\",\"https:\/\/www.pinterest.es\/growtdc\/\"]}]}<\/script>\n<!-- \/ Yoast SEO plugin. -->","yoast_head_json":{"title":"Dise\u00f1o etiqueta de Bouquet d'Alella","description":"Dise\u00f1o etiqueta de vino ecol\u00f3gico Bouquet d\u2019Alella de la variedad Pasa Blanca de la Denominaci\u00f3n de Origen Alella. Edici\u00f3n Limitada. Selecci\u00f3n Pansa Blanca de vi\u00f1edos propios de m\u00e1s de 35 a\u00f1os ubicados en el Valle de Rials y de agricultura ecol\u00f3gica.","robots":{"index":"index","follow":"follow","max-snippet":"max-snippet:-1","max-image-preview":"max-image-preview:large","max-video-preview":"max-video-preview:-1"},"canonical":"https:\/\/grow-tdc.com\/portfolio\/bouquet-alella\/","og_locale":"en_US","og_type":"article","og_title":"Dise\u00f1o etiqueta de Bouquet d'Alella","og_description":"Dise\u00f1o etiqueta de vino ecol\u00f3gico Bouquet d\u2019Alella de la variedad Pasa Blanca de la Denominaci\u00f3n de Origen Alella. Edici\u00f3n Limitada. Selecci\u00f3n Pansa Blanca de vi\u00f1edos propios de m\u00e1s de 35 a\u00f1os ubicados en el Valle de Rials y de agricultura ecol\u00f3gica.","og_url":"https:\/\/grow-tdc.com\/portfolio\/bouquet-alella\/","og_site_name":"Grow","article_modified_time":"2024-08-28T08:16:36+00:00","og_image":[{"width":1200,"height":1462,"url":"https:\/\/grow-tdc.com\/wp-content\/uploads\/2023\/08\/diseno-etiqueta-de-vino-bouquet-alella.jpg","type":"image\/jpeg"}],"twitter_card":"summary_large_image","twitter_misc":{"Est. reading time":"1 minute"},"schema":{"@context":"https:\/\/schema.org","@graph":[{"@type":"WebPage","@id":"https:\/\/grow-tdc.com\/portfolio\/bouquet-alella\/","url":"https:\/\/grow-tdc.com\/portfolio\/bouquet-alella\/","name":"Dise\u00f1o etiqueta de Bouquet d'Alella","isPartOf":{"@id":"https:\/\/grow-tdc.com\/#website"},"primaryImageOfPage":{"@id":"https:\/\/grow-tdc.com\/portfolio\/bouquet-alella\/#primaryimage"},"image":{"@id":"https:\/\/grow-tdc.com\/portfolio\/bouquet-alella\/#primaryimage"},"thumbnailUrl":"https:\/\/grow-tdc.com\/wp-content\/uploads\/2023\/08\/diseno-etiqueta-de-vino-bouquet-alella.jpg","datePublished":"2023-08-18T14:11:57+00:00","dateModified":"2024-08-28T08:16:36+00:00","description":"Dise\u00f1o etiqueta de vino ecol\u00f3gico Bouquet d\u2019Alella de la variedad Pasa Blanca de la Denominaci\u00f3n de Origen Alella. Edici\u00f3n Limitada. Selecci\u00f3n Pansa Blanca de vi\u00f1edos propios de m\u00e1s de 35 a\u00f1os ubicados en el Valle de Rials y de agricultura ecol\u00f3gica.","breadcrumb":{"@id":"https:\/\/grow-tdc.com\/portfolio\/bouquet-alella\/#breadcrumb"},"inLanguage":"en-US","potentialAction":[{"@type":"ReadAction","target":["https:\/\/grow-tdc.com\/portfolio\/bouquet-alella\/"]}]},{"@type":"ImageObject","inLanguage":"en-US","@id":"https:\/\/grow-tdc.com\/portfolio\/bouquet-alella\/#primaryimage","url":"https:\/\/grow-tdc.com\/wp-content\/uploads\/2023\/08\/diseno-etiqueta-de-vino-bouquet-alella.jpg","contentUrl":"https:\/\/grow-tdc.com\/wp-content\/uploads\/2023\/08\/diseno-etiqueta-de-vino-bouquet-alella.jpg","width":1200,"height":1462,"caption":"Dise\u00f1o etiqueta de vino"},{"@type":"BreadcrumbList","@id":"https:\/\/grow-tdc.com\/portfolio\/bouquet-alella\/#breadcrumb","itemListElement":[{"@type":"ListItem","position":1,"name":"Home","item":"https:\/\/grow-tdc.com\/en\/"},{"@type":"ListItem","position":2,"name":"Portfolio","item":"https:\/\/grow-tdc.com\/en\/portfolio\/"},{"@type":"ListItem","position":3,"name":"Bouquet Alella"}]},{"@type":"WebSite","@id":"https:\/\/grow-tdc.com\/#website","url":"https:\/\/grow-tdc.com\/","name":"Grow - Dise\u00f1o de etiquetas de vino","description":"Estudio de dise\u00f1o especializado en el mundo del vino y gourmet","publisher":{"@id":"https:\/\/grow-tdc.com\/#organization"},"potentialAction":[{"@type":"SearchAction","target":{"@type":"EntryPoint","urlTemplate":"https:\/\/grow-tdc.com\/?s={search_term_string}"},"query-input":{"@type":"PropertyValueSpecification","valueRequired":true,"valueName":"search_term_string"}}],"inLanguage":"en-US"},{"@type":"Organization","@id":"https:\/\/grow-tdc.com\/#organization","name":"Grow Disseny i Comunicaci\u00f3 S.L.","url":"https:\/\/grow-tdc.com\/","logo":{"@type":"ImageObject","inLanguage":"en-US","@id":"https:\/\/grow-tdc.com\/#\/schema\/logo\/image\/","url":"https:\/\/grow-tdc.com\/wp-content\/uploads\/2022\/01\/logo-grow.svg","contentUrl":"https:\/\/grow-tdc.com\/wp-content\/uploads\/2022\/01\/logo-grow.svg","width":"1024","height":"1024","caption":"Grow Disseny i Comunicaci\u00f3 S.L."},"image":{"@id":"https:\/\/grow-tdc.com\/#\/schema\/logo\/image\/"},"sameAs":["https:\/\/www.instagram.com\/growdissenyicomunicacio\/","https:\/\/www.pinterest.es\/growtdc\/"]}]}},"_links":{"self":[{"href":"https:\/\/grow-tdc.com\/en\/wp-json\/wp\/v2\/portfolio\/4094","targetHints":{"allow":["GET"]}}],"collection":[{"href":"https:\/\/grow-tdc.com\/en\/wp-json\/wp\/v2\/portfolio"}],"about":[{"href":"https:\/\/grow-tdc.com\/en\/wp-json\/wp\/v2\/types\/portfolio"}],"author":[{"embeddable":true,"href":"https:\/\/grow-tdc.com\/en\/wp-json\/wp\/v2\/users\/1"}],"replies":[{"embeddable":true,"href":"https:\/\/grow-tdc.com\/en\/wp-json\/wp\/v2\/comments?post=4094"}],"version-history":[{"count":1,"href":"https:\/\/grow-tdc.com\/en\/wp-json\/wp\/v2\/portfolio\/4094\/revisions"}],"predecessor-version":[{"id":4097,"href":"https:\/\/grow-tdc.com\/en\/wp-json\/wp\/v2\/portfolio\/4094\/revisions\/4097"}],"wp:featuredmedia":[{"embeddable":true,"href":"https:\/\/grow-tdc.com\/en\/wp-json\/wp\/v2\/media\/4095"}],"wp:attachment":[{"href":"https:\/\/grow-tdc.com\/en\/wp-json\/wp\/v2\/media?parent=4094"}],"curies":[{"name":"wp","href":"https:\/\/api.w.org\/{rel}","templated":true}]}}