{"id":4127,"date":"2023-08-18T16:36:48","date_gmt":"2023-08-18T14:36:48","guid":{"rendered":"https:\/\/grow-tdc.com\/?post_type=portfolio&#038;p=4127"},"modified":"2024-08-28T10:19:58","modified_gmt":"2024-08-28T08:19:58","slug":"or-del-camp","status":"publish","type":"portfolio","link":"https:\/\/grow-tdc.com\/en\/portfolio\/or-del-camp\/","title":{"rendered":"Or del camp"},"content":{"rendered":"<div class=\"grid kcm\">\n<div class=\"grid__item one-whole portable--auto lap--auto palm--auto top-no-padding bottom-no-padding \" data-style=\"\">\n<p><img loading=\"lazy\" decoding=\"async\" class=\"aligncenter size-full wp-image-4128\" src=\"https:\/\/grow-tdc.com\/wp-content\/uploads\/2023\/08\/diseno-etiqueta-aceite-or-del-camp.jpg\" alt=\"Dise\u00f1o etiqueta aceite de oliva v\u00edrgen extra\" width=\"1600\" height=\"1607\" srcset=\"https:\/\/grow-tdc.com\/wp-content\/uploads\/2023\/08\/diseno-etiqueta-aceite-or-del-camp.jpg 1600w, https:\/\/grow-tdc.com\/wp-content\/uploads\/2023\/08\/diseno-etiqueta-aceite-or-del-camp-300x300.jpg 300w, https:\/\/grow-tdc.com\/wp-content\/uploads\/2023\/08\/diseno-etiqueta-aceite-or-del-camp-1020x1024.jpg 1020w, https:\/\/grow-tdc.com\/wp-content\/uploads\/2023\/08\/diseno-etiqueta-aceite-or-del-camp-150x150.jpg 150w, https:\/\/grow-tdc.com\/wp-content\/uploads\/2023\/08\/diseno-etiqueta-aceite-or-del-camp-768x771.jpg 768w, https:\/\/grow-tdc.com\/wp-content\/uploads\/2023\/08\/diseno-etiqueta-aceite-or-del-camp-1529x1536.jpg 1529w\" sizes=\"auto, (max-width: 1600px) 100vw, 1600px\" \/><\/p>\n<\/div>\n<\/div>\n","protected":false},"excerpt":{"rendered":"","protected":false},"author":1,"featured_media":4128,"comment_status":"closed","ping_status":"closed","template":"","meta":{"inline_featured_image":false,"footnotes":""},"class_list":["post-4127","portfolio","type-portfolio","status-publish","has-post-thumbnail","hentry","portfolio_tag-aceite-de-oliva-virgen-extra","portfolio_tag-aceite-ecologico","portfolio_tag-aceitedeolivavirgenextra","portfolio_tag-aove","portfolio_tag-arbequina","portfolio_tag-brandingdeaceite","portfolio_tag-disenodeetiqueta","portfolio_tag-dop-siurana","portfolio_tag-etiqueta-premium","portfolio_tag-extravirginoliveoil","portfolio_tag-oliveoilbranding","portfolio_tag-oliveoillabeldesign","portfolio_tag-or-del-camp","portfolio_tag-siurana","portfolio_category-diseno-etiqueta-aceite"],"acf":[],"yoast_head":"<!-- This site is optimized with the Yoast SEO plugin v26.5 - https:\/\/yoast.com\/wordpress\/plugins\/seo\/ -->\n<title>Dise\u00f1o etiqueta aceite OR DEL CAMP<\/title>\n<meta name=\"description\" content=\"Dise\u00f1o etiqueta OR DEL CAMP aceite oliva virgen extra ecol\u00f3gico de la variedad arbequina de categor\u00eda superior de la denominaci\u00f3n de origen protegida Siurana.\" \/>\n<meta name=\"robots\" content=\"index, follow, max-snippet:-1, max-image-preview:large, max-video-preview:-1\" \/>\n<link rel=\"canonical\" href=\"https:\/\/grow-tdc.com\/portfolio\/or-del-camp\/\" \/>\n<meta property=\"og:locale\" content=\"en_US\" \/>\n<meta property=\"og:type\" content=\"article\" \/>\n<meta property=\"og:title\" content=\"Dise\u00f1o etiqueta aceite OR DEL CAMP\" \/>\n<meta property=\"og:description\" content=\"Dise\u00f1o etiqueta OR DEL CAMP aceite oliva virgen extra ecol\u00f3gico de la variedad arbequina de categor\u00eda superior de la denominaci\u00f3n de origen protegida Siurana.\" \/>\n<meta property=\"og:url\" content=\"https:\/\/grow-tdc.com\/portfolio\/or-del-camp\/\" \/>\n<meta property=\"og:site_name\" content=\"Grow\" \/>\n<meta property=\"article:modified_time\" content=\"2024-08-28T08:19:58+00:00\" \/>\n<meta property=\"og:image\" content=\"https:\/\/grow-tdc.com\/wp-content\/uploads\/2023\/08\/diseno-etiqueta-aceite-or-del-camp.jpg\" \/>\n\t<meta property=\"og:image:width\" content=\"1600\" \/>\n\t<meta property=\"og:image:height\" content=\"1607\" \/>\n\t<meta property=\"og:image:type\" content=\"image\/jpeg\" \/>\n<meta name=\"twitter:card\" content=\"summary_large_image\" \/>\n<meta name=\"twitter:label1\" content=\"Est. reading time\" \/>\n\t<meta name=\"twitter:data1\" content=\"1 minute\" \/>\n<script type=\"application\/ld+json\" class=\"yoast-schema-graph\">{\"@context\":\"https:\/\/schema.org\",\"@graph\":[{\"@type\":\"WebPage\",\"@id\":\"https:\/\/grow-tdc.com\/portfolio\/or-del-camp\/\",\"url\":\"https:\/\/grow-tdc.com\/portfolio\/or-del-camp\/\",\"name\":\"Dise\u00f1o etiqueta aceite OR DEL CAMP\",\"isPartOf\":{\"@id\":\"https:\/\/grow-tdc.com\/#website\"},\"primaryImageOfPage\":{\"@id\":\"https:\/\/grow-tdc.com\/portfolio\/or-del-camp\/#primaryimage\"},\"image\":{\"@id\":\"https:\/\/grow-tdc.com\/portfolio\/or-del-camp\/#primaryimage\"},\"thumbnailUrl\":\"https:\/\/grow-tdc.com\/wp-content\/uploads\/2023\/08\/diseno-etiqueta-aceite-or-del-camp.jpg\",\"datePublished\":\"2023-08-18T14:36:48+00:00\",\"dateModified\":\"2024-08-28T08:19:58+00:00\",\"description\":\"Dise\u00f1o etiqueta OR DEL CAMP aceite oliva virgen extra ecol\u00f3gico de la variedad arbequina de categor\u00eda superior de la denominaci\u00f3n de origen protegida Siurana.\",\"breadcrumb\":{\"@id\":\"https:\/\/grow-tdc.com\/portfolio\/or-del-camp\/#breadcrumb\"},\"inLanguage\":\"en-US\",\"potentialAction\":[{\"@type\":\"ReadAction\",\"target\":[\"https:\/\/grow-tdc.com\/portfolio\/or-del-camp\/\"]}]},{\"@type\":\"ImageObject\",\"inLanguage\":\"en-US\",\"@id\":\"https:\/\/grow-tdc.com\/portfolio\/or-del-camp\/#primaryimage\",\"url\":\"https:\/\/grow-tdc.com\/wp-content\/uploads\/2023\/08\/diseno-etiqueta-aceite-or-del-camp.jpg\",\"contentUrl\":\"https:\/\/grow-tdc.com\/wp-content\/uploads\/2023\/08\/diseno-etiqueta-aceite-or-del-camp.jpg\",\"width\":1600,\"height\":1607,\"caption\":\"Dise\u00f1o etiqueta aceite de oliva v\u00edrgen extra\"},{\"@type\":\"BreadcrumbList\",\"@id\":\"https:\/\/grow-tdc.com\/portfolio\/or-del-camp\/#breadcrumb\",\"itemListElement\":[{\"@type\":\"ListItem\",\"position\":1,\"name\":\"Home\",\"item\":\"https:\/\/grow-tdc.com\/en\/\"},{\"@type\":\"ListItem\",\"position\":2,\"name\":\"Portfolio\",\"item\":\"https:\/\/grow-tdc.com\/en\/portfolio\/\"},{\"@type\":\"ListItem\",\"position\":3,\"name\":\"Or del camp\"}]},{\"@type\":\"WebSite\",\"@id\":\"https:\/\/grow-tdc.com\/#website\",\"url\":\"https:\/\/grow-tdc.com\/\",\"name\":\"Grow - Dise\u00f1o de etiquetas de vino\",\"description\":\"Estudio de dise\u00f1o especializado en el mundo del vino y gourmet\",\"publisher\":{\"@id\":\"https:\/\/grow-tdc.com\/#organization\"},\"potentialAction\":[{\"@type\":\"SearchAction\",\"target\":{\"@type\":\"EntryPoint\",\"urlTemplate\":\"https:\/\/grow-tdc.com\/?s={search_term_string}\"},\"query-input\":{\"@type\":\"PropertyValueSpecification\",\"valueRequired\":true,\"valueName\":\"search_term_string\"}}],\"inLanguage\":\"en-US\"},{\"@type\":\"Organization\",\"@id\":\"https:\/\/grow-tdc.com\/#organization\",\"name\":\"Grow Disseny i Comunicaci\u00f3 S.L.\",\"url\":\"https:\/\/grow-tdc.com\/\",\"logo\":{\"@type\":\"ImageObject\",\"inLanguage\":\"en-US\",\"@id\":\"https:\/\/grow-tdc.com\/#\/schema\/logo\/image\/\",\"url\":\"https:\/\/grow-tdc.com\/wp-content\/uploads\/2022\/01\/logo-grow.svg\",\"contentUrl\":\"https:\/\/grow-tdc.com\/wp-content\/uploads\/2022\/01\/logo-grow.svg\",\"width\":\"1024\",\"height\":\"1024\",\"caption\":\"Grow Disseny i Comunicaci\u00f3 S.L.\"},\"image\":{\"@id\":\"https:\/\/grow-tdc.com\/#\/schema\/logo\/image\/\"},\"sameAs\":[\"https:\/\/www.instagram.com\/growdissenyicomunicacio\/\",\"https:\/\/www.pinterest.es\/growtdc\/\"]}]}<\/script>\n<!-- \/ Yoast SEO plugin. -->","yoast_head_json":{"title":"Dise\u00f1o etiqueta aceite OR DEL CAMP","description":"Dise\u00f1o etiqueta OR DEL CAMP aceite oliva virgen extra ecol\u00f3gico de la variedad arbequina de categor\u00eda superior de la denominaci\u00f3n de origen protegida Siurana.","robots":{"index":"index","follow":"follow","max-snippet":"max-snippet:-1","max-image-preview":"max-image-preview:large","max-video-preview":"max-video-preview:-1"},"canonical":"https:\/\/grow-tdc.com\/portfolio\/or-del-camp\/","og_locale":"en_US","og_type":"article","og_title":"Dise\u00f1o etiqueta aceite OR DEL CAMP","og_description":"Dise\u00f1o etiqueta OR DEL CAMP aceite oliva virgen extra ecol\u00f3gico de la variedad arbequina de categor\u00eda superior de la denominaci\u00f3n de origen protegida Siurana.","og_url":"https:\/\/grow-tdc.com\/portfolio\/or-del-camp\/","og_site_name":"Grow","article_modified_time":"2024-08-28T08:19:58+00:00","og_image":[{"width":1600,"height":1607,"url":"https:\/\/grow-tdc.com\/wp-content\/uploads\/2023\/08\/diseno-etiqueta-aceite-or-del-camp.jpg","type":"image\/jpeg"}],"twitter_card":"summary_large_image","twitter_misc":{"Est. reading time":"1 minute"},"schema":{"@context":"https:\/\/schema.org","@graph":[{"@type":"WebPage","@id":"https:\/\/grow-tdc.com\/portfolio\/or-del-camp\/","url":"https:\/\/grow-tdc.com\/portfolio\/or-del-camp\/","name":"Dise\u00f1o etiqueta aceite OR DEL CAMP","isPartOf":{"@id":"https:\/\/grow-tdc.com\/#website"},"primaryImageOfPage":{"@id":"https:\/\/grow-tdc.com\/portfolio\/or-del-camp\/#primaryimage"},"image":{"@id":"https:\/\/grow-tdc.com\/portfolio\/or-del-camp\/#primaryimage"},"thumbnailUrl":"https:\/\/grow-tdc.com\/wp-content\/uploads\/2023\/08\/diseno-etiqueta-aceite-or-del-camp.jpg","datePublished":"2023-08-18T14:36:48+00:00","dateModified":"2024-08-28T08:19:58+00:00","description":"Dise\u00f1o etiqueta OR DEL CAMP aceite oliva virgen extra ecol\u00f3gico de la variedad arbequina de categor\u00eda superior de la denominaci\u00f3n de origen protegida Siurana.","breadcrumb":{"@id":"https:\/\/grow-tdc.com\/portfolio\/or-del-camp\/#breadcrumb"},"inLanguage":"en-US","potentialAction":[{"@type":"ReadAction","target":["https:\/\/grow-tdc.com\/portfolio\/or-del-camp\/"]}]},{"@type":"ImageObject","inLanguage":"en-US","@id":"https:\/\/grow-tdc.com\/portfolio\/or-del-camp\/#primaryimage","url":"https:\/\/grow-tdc.com\/wp-content\/uploads\/2023\/08\/diseno-etiqueta-aceite-or-del-camp.jpg","contentUrl":"https:\/\/grow-tdc.com\/wp-content\/uploads\/2023\/08\/diseno-etiqueta-aceite-or-del-camp.jpg","width":1600,"height":1607,"caption":"Dise\u00f1o etiqueta aceite de oliva v\u00edrgen extra"},{"@type":"BreadcrumbList","@id":"https:\/\/grow-tdc.com\/portfolio\/or-del-camp\/#breadcrumb","itemListElement":[{"@type":"ListItem","position":1,"name":"Home","item":"https:\/\/grow-tdc.com\/en\/"},{"@type":"ListItem","position":2,"name":"Portfolio","item":"https:\/\/grow-tdc.com\/en\/portfolio\/"},{"@type":"ListItem","position":3,"name":"Or del camp"}]},{"@type":"WebSite","@id":"https:\/\/grow-tdc.com\/#website","url":"https:\/\/grow-tdc.com\/","name":"Grow - Dise\u00f1o de etiquetas de vino","description":"Estudio de dise\u00f1o especializado en el mundo del vino y gourmet","publisher":{"@id":"https:\/\/grow-tdc.com\/#organization"},"potentialAction":[{"@type":"SearchAction","target":{"@type":"EntryPoint","urlTemplate":"https:\/\/grow-tdc.com\/?s={search_term_string}"},"query-input":{"@type":"PropertyValueSpecification","valueRequired":true,"valueName":"search_term_string"}}],"inLanguage":"en-US"},{"@type":"Organization","@id":"https:\/\/grow-tdc.com\/#organization","name":"Grow Disseny i Comunicaci\u00f3 S.L.","url":"https:\/\/grow-tdc.com\/","logo":{"@type":"ImageObject","inLanguage":"en-US","@id":"https:\/\/grow-tdc.com\/#\/schema\/logo\/image\/","url":"https:\/\/grow-tdc.com\/wp-content\/uploads\/2022\/01\/logo-grow.svg","contentUrl":"https:\/\/grow-tdc.com\/wp-content\/uploads\/2022\/01\/logo-grow.svg","width":"1024","height":"1024","caption":"Grow Disseny i Comunicaci\u00f3 S.L."},"image":{"@id":"https:\/\/grow-tdc.com\/#\/schema\/logo\/image\/"},"sameAs":["https:\/\/www.instagram.com\/growdissenyicomunicacio\/","https:\/\/www.pinterest.es\/growtdc\/"]}]}},"_links":{"self":[{"href":"https:\/\/grow-tdc.com\/en\/wp-json\/wp\/v2\/portfolio\/4127","targetHints":{"allow":["GET"]}}],"collection":[{"href":"https:\/\/grow-tdc.com\/en\/wp-json\/wp\/v2\/portfolio"}],"about":[{"href":"https:\/\/grow-tdc.com\/en\/wp-json\/wp\/v2\/types\/portfolio"}],"author":[{"embeddable":true,"href":"https:\/\/grow-tdc.com\/en\/wp-json\/wp\/v2\/users\/1"}],"replies":[{"embeddable":true,"href":"https:\/\/grow-tdc.com\/en\/wp-json\/wp\/v2\/comments?post=4127"}],"version-history":[{"count":1,"href":"https:\/\/grow-tdc.com\/en\/wp-json\/wp\/v2\/portfolio\/4127\/revisions"}],"predecessor-version":[{"id":4130,"href":"https:\/\/grow-tdc.com\/en\/wp-json\/wp\/v2\/portfolio\/4127\/revisions\/4130"}],"wp:featuredmedia":[{"embeddable":true,"href":"https:\/\/grow-tdc.com\/en\/wp-json\/wp\/v2\/media\/4128"}],"wp:attachment":[{"href":"https:\/\/grow-tdc.com\/en\/wp-json\/wp\/v2\/media?parent=4127"}],"curies":[{"name":"wp","href":"https:\/\/api.w.org\/{rel}","templated":true}]}}